{"id":15,"date":"2014-01-21T19:23:06","date_gmt":"2014-01-21T19:23:06","guid":{"rendered":"http:\/\/rheinhessen-imker.de\/?page_id=15"},"modified":"2019-03-25T23:18:10","modified_gmt":"2019-03-25T22:18:10","slug":"ueber-uns","status":"publish","type":"page","link":"https:\/\/rheinhessen-imker.de\/?page_id=15","title":{"rendered":"\u00dcber uns"},"content":{"rendered":"<figure id=\"attachment_79\" aria-describedby=\"caption-attachment-79\" style=\"width: 300px\" class=\"wp-caption alignright\"><a href=\"https:\/\/rheinhessen-imker.de\/wp-content\/uploads\/2014\/01\/wir.jpg\" rel=\"attachment wp-att-79\"><img loading=\"lazy\" decoding=\"async\" data-attachment-id=\"79\" data-permalink=\"https:\/\/rheinhessen-imker.de\/?attachment_id=79\" data-orig-file=\"https:\/\/rheinhessen-imker.de\/wp-content\/uploads\/2014\/01\/wir.jpg\" data-orig-size=\"640,427\" data-comments-opened=\"1\" data-image-meta=\"{&quot;aperture&quot;:&quot;9&quot;,&quot;credit&quot;:&quot;Michael Gr\\u00fcger&quot;,&quot;camera&quot;:&quot;Canon EOS 1000D&quot;,&quot;caption&quot;:&quot;&quot;,&quot;created_timestamp&quot;:&quot;1309381834&quot;,&quot;copyright&quot;:&quot;Michael Gr\\u00fcger&quot;,&quot;focal_length&quot;:&quot;51&quot;,&quot;iso&quot;:&quot;200&quot;,&quot;shutter_speed&quot;:&quot;0.00625&quot;,&quot;title&quot;:&quot;\\u00a9 Michael Gr\\u00fcger, Wackernheim&quot;}\" data-image-title=\"Anna und Michael\" data-image-description=\"&lt;p&gt;Anna und Michael&lt;\/p&gt;\n\" data-image-caption=\"&lt;p&gt;Anna und Michael&lt;\/p&gt;\n\" data-medium-file=\"https:\/\/rheinhessen-imker.de\/wp-content\/uploads\/2014\/01\/wir-300x200.jpg\" data-large-file=\"https:\/\/rheinhessen-imker.de\/wp-content\/uploads\/2014\/01\/wir.jpg\" class=\"wp-image-79 size-medium\" src=\"https:\/\/rheinhessen-imker.de\/wp-content\/uploads\/2014\/01\/wir-300x200.jpg\" alt=\"Anna und Michael\" width=\"300\" height=\"200\" srcset=\"https:\/\/rheinhessen-imker.de\/wp-content\/uploads\/2014\/01\/wir-300x200.jpg 300w, https:\/\/rheinhessen-imker.de\/wp-content\/uploads\/2014\/01\/wir-150x100.jpg 150w, https:\/\/rheinhessen-imker.de\/wp-content\/uploads\/2014\/01\/wir-624x416.jpg 624w, https:\/\/rheinhessen-imker.de\/wp-content\/uploads\/2014\/01\/wir.jpg 640w\" sizes=\"auto, (max-width: 300px) 100vw, 300px\" \/><\/a><figcaption id=\"caption-attachment-79\" class=\"wp-caption-text\">Anna und Michael<\/figcaption><\/figure>\n<p>Wir, das sind Anna und Michael, wohnhaft in Ingelheim in Rheinhessen.<\/p>\n<p>Die Liebe zu Bienen ging bei uns beiden indirekt los \u2013 mit der Liebe zum Honig. Und zwar schon im fr\u00fchen Kindesalter, lange bevor wir uns kannten. Aber \u00fcber mehr als 30 Jahre \u00e4u\u00dferte es sich nur im Kauf von jeweils regionalen Honigen auf Reisen, oder auch auf den Wochenm\u00e4rkten unserer Heimatst\u00e4dte, Braunschweig und Mainz. Eine Sammlung von 5-10 Honigen zu jeder beliebigen Zeit war nichts Au\u00dfergew\u00f6hnliches.<\/p>\n<p><strong>Wackernheimer Bienen waren ausschlaggebend<\/strong><\/p>\n<p><a href=\"https:\/\/rheinhessen-imker.de\/wp-content\/uploads\/2014\/01\/wir-2.jpg\" rel=\"attachment wp-att-84\"><img loading=\"lazy\" decoding=\"async\" data-attachment-id=\"84\" data-permalink=\"https:\/\/rheinhessen-imker.de\/?attachment_id=84\" data-orig-file=\"https:\/\/rheinhessen-imker.de\/wp-content\/uploads\/2014\/01\/wir-2.jpg\" data-orig-size=\"640,427\" data-comments-opened=\"1\" data-image-meta=\"{&quot;aperture&quot;:&quot;11&quot;,&quot;credit&quot;:&quot;Michael Gr\\u00fcger&quot;,&quot;camera&quot;:&quot;Canon EOS 1000D&quot;,&quot;caption&quot;:&quot;&quot;,&quot;created_timestamp&quot;:&quot;1337350222&quot;,&quot;copyright&quot;:&quot;Michael Gr\\u00fcger&quot;,&quot;focal_length&quot;:&quot;18&quot;,&quot;iso&quot;:&quot;200&quot;,&quot;shutter_speed&quot;:&quot;0.00125&quot;,&quot;title&quot;:&quot;\\u00a9 Michael Gr\\u00fcger, Wackernheim&quot;}\" data-image-title=\"Wackernheimer Bienen\" data-image-description=\"&lt;p&gt;Wackernheimer Bienen&lt;\/p&gt;\n\" data-image-caption=\"\" data-medium-file=\"https:\/\/rheinhessen-imker.de\/wp-content\/uploads\/2014\/01\/wir-2-300x200.jpg\" data-large-file=\"https:\/\/rheinhessen-imker.de\/wp-content\/uploads\/2014\/01\/wir-2.jpg\" class=\"alignleft wp-image-84 size-thumbnail\" src=\"https:\/\/rheinhessen-imker.de\/wp-content\/uploads\/2014\/01\/wir-2-150x100.jpg\" alt=\"Wackernheimer Bienen\" width=\"150\" height=\"100\" srcset=\"https:\/\/rheinhessen-imker.de\/wp-content\/uploads\/2014\/01\/wir-2-150x100.jpg 150w, https:\/\/rheinhessen-imker.de\/wp-content\/uploads\/2014\/01\/wir-2-300x200.jpg 300w, https:\/\/rheinhessen-imker.de\/wp-content\/uploads\/2014\/01\/wir-2-624x416.jpg 624w, https:\/\/rheinhessen-imker.de\/wp-content\/uploads\/2014\/01\/wir-2.jpg 640w\" sizes=\"auto, (max-width: 150px) 100vw, 150px\" \/><\/a>Und dann kam ein sch\u00f6ner Samstag im Mai 2012 &#8211; und aus dem Fenster sahen wir auf einmal lauter &#8222;Punkte&#8220; durch die Luft fliegen. Auf der Stra\u00dfe stellte sich das Ganze als ein Bienenschwarm heraus. Sie waren noch unentschlossen, wo sie landen wollten, waren mal hinter dem Haus und mal davor. Anna ging vorsichtig etwas in den Schwarm hinein, ein eindrucksvolles Gef\u00fchl, das Summen war wirklich als friedlich zu beschreiben.<\/p>\n<p><a href=\"https:\/\/rheinhessen-imker.de\/wp-content\/uploads\/2014\/01\/wir-1.jpg\" rel=\"attachment wp-att-83\"><img loading=\"lazy\" decoding=\"async\" data-attachment-id=\"83\" data-permalink=\"https:\/\/rheinhessen-imker.de\/?attachment_id=83\" data-orig-file=\"https:\/\/rheinhessen-imker.de\/wp-content\/uploads\/2014\/01\/wir-1.jpg\" data-orig-size=\"427,640\" data-comments-opened=\"1\" data-image-meta=\"{&quot;aperture&quot;:&quot;5.6&quot;,&quot;credit&quot;:&quot;Michael Gr\\u00fcger&quot;,&quot;camera&quot;:&quot;Canon EOS 1000D&quot;,&quot;caption&quot;:&quot;&quot;,&quot;created_timestamp&quot;:&quot;1337359158&quot;,&quot;copyright&quot;:&quot;Michael Gr\\u00fcger&quot;,&quot;focal_length&quot;:&quot;55&quot;,&quot;iso&quot;:&quot;400&quot;,&quot;shutter_speed&quot;:&quot;0.016666666666667&quot;,&quot;title&quot;:&quot;\\u00a9 Michael Gr\\u00fcger, Wackernheim&quot;}\" data-image-title=\"Wackernheimer Bienen\" data-image-description=\"&lt;p&gt;Wackernheimer Bienen&lt;\/p&gt;\n\" data-image-caption=\"\" data-medium-file=\"https:\/\/rheinhessen-imker.de\/wp-content\/uploads\/2014\/01\/wir-1-200x300.jpg\" data-large-file=\"https:\/\/rheinhessen-imker.de\/wp-content\/uploads\/2014\/01\/wir-1.jpg\" class=\"alignright wp-image-83 size-thumbnail\" src=\"https:\/\/rheinhessen-imker.de\/wp-content\/uploads\/2014\/01\/wir-1-100x150.jpg\" alt=\"Wackernheimer Bienen\" width=\"100\" height=\"150\" srcset=\"https:\/\/rheinhessen-imker.de\/wp-content\/uploads\/2014\/01\/wir-1-100x150.jpg 100w, https:\/\/rheinhessen-imker.de\/wp-content\/uploads\/2014\/01\/wir-1-200x300.jpg 200w, https:\/\/rheinhessen-imker.de\/wp-content\/uploads\/2014\/01\/wir-1.jpg 427w\" sizes=\"auto, (max-width: 100px) 100vw, 100px\" \/><\/a><a href=\"https:\/\/rheinhessen-imker.de\/wp-content\/uploads\/2014\/01\/wir-3.jpg\" rel=\"attachment wp-att-85\"><img loading=\"lazy\" decoding=\"async\" data-attachment-id=\"85\" data-permalink=\"https:\/\/rheinhessen-imker.de\/?attachment_id=85\" data-orig-file=\"https:\/\/rheinhessen-imker.de\/wp-content\/uploads\/2014\/01\/wir-3.jpg\" data-orig-size=\"640,427\" data-comments-opened=\"1\" data-image-meta=\"{&quot;aperture&quot;:&quot;7.1&quot;,&quot;credit&quot;:&quot;Michael Gr\\u00fcger&quot;,&quot;camera&quot;:&quot;Canon EOS 1000D&quot;,&quot;caption&quot;:&quot;&quot;,&quot;created_timestamp&quot;:&quot;1337350644&quot;,&quot;copyright&quot;:&quot;Michael Gr\\u00fcger&quot;,&quot;focal_length&quot;:&quot;55&quot;,&quot;iso&quot;:&quot;400&quot;,&quot;shutter_speed&quot;:&quot;0.016666666666667&quot;,&quot;title&quot;:&quot;\\u00a9 Michael Gr\\u00fcger, Wackernheim&quot;}\" data-image-title=\"Wackernheimer Bienen\" data-image-description=\"&lt;p&gt;Wackernheimer Bienen&lt;\/p&gt;\n\" data-image-caption=\"\" data-medium-file=\"https:\/\/rheinhessen-imker.de\/wp-content\/uploads\/2014\/01\/wir-3-300x200.jpg\" data-large-file=\"https:\/\/rheinhessen-imker.de\/wp-content\/uploads\/2014\/01\/wir-3.jpg\" class=\"alignright wp-image-85 size-thumbnail\" src=\"https:\/\/rheinhessen-imker.de\/wp-content\/uploads\/2014\/01\/wir-3-150x100.jpg\" alt=\"Wackernheimer Bienen\" width=\"150\" height=\"100\" srcset=\"https:\/\/rheinhessen-imker.de\/wp-content\/uploads\/2014\/01\/wir-3-150x100.jpg 150w, https:\/\/rheinhessen-imker.de\/wp-content\/uploads\/2014\/01\/wir-3-300x200.jpg 300w, https:\/\/rheinhessen-imker.de\/wp-content\/uploads\/2014\/01\/wir-3-624x416.jpg 624w, https:\/\/rheinhessen-imker.de\/wp-content\/uploads\/2014\/01\/wir-3.jpg 640w\" sizes=\"auto, (max-width: 150px) 100vw, 150px\" \/><\/a>Zuguterletzt bildete sich eine Traube in dem gro\u00dfen Hagebuttenstrauch im Garten. H\u00e4tten wir da schon gewusst, was wir 1 Jahr sp\u00e4ter wussten, w\u00e4re es unserer gewesen. So aber riefen wir einen Imker an (3 Minuten Internetrecherche), der ca 30 Minuten sp\u00e4ter kam&#8230;. Vielleicht w\u00e4re er nicht gekommen (sagte er), wenn Michael am Telefon nicht von einem &#8222;Holunderstrauch&#8220; gesprochen h\u00e4tte&#8230; Aber als er nun mal da war &#8211; da lie\u00df er sich auch von den Dornen der Hagebutte nicht mehr abschrecken. Eine gute Stunde &#8222;Ausgrabungsarbeit&#8220; war es aber schon: In der Zeit konnten wir viele Fragen stellen und bekamen lauter interessante neue Dinge erz\u00e4hlt.<\/p>\n<p><a href=\"https:\/\/rheinhessen-imker.de\/wp-content\/uploads\/2014\/01\/wir1.jpg\" rel=\"attachment wp-att-86\"><img loading=\"lazy\" decoding=\"async\" data-attachment-id=\"86\" data-permalink=\"https:\/\/rheinhessen-imker.de\/?attachment_id=86\" data-orig-file=\"https:\/\/rheinhessen-imker.de\/wp-content\/uploads\/2014\/01\/wir1.jpg\" data-orig-size=\"640,427\" data-comments-opened=\"1\" data-image-meta=\"{&quot;aperture&quot;:&quot;5.6&quot;,&quot;credit&quot;:&quot;Michael Gr\\u00fcger&quot;,&quot;camera&quot;:&quot;Canon EOS 1000D&quot;,&quot;caption&quot;:&quot;&quot;,&quot;created_timestamp&quot;:&quot;1337361640&quot;,&quot;copyright&quot;:&quot;Michael Gr\\u00fcger&quot;,&quot;focal_length&quot;:&quot;55&quot;,&quot;iso&quot;:&quot;400&quot;,&quot;shutter_speed&quot;:&quot;0.016666666666667&quot;,&quot;title&quot;:&quot;\\u00a9 Michael Gr\\u00fcger, Wackernheim&quot;}\" data-image-title=\"Wackernheimer Bienen\" data-image-description=\"\" data-image-caption=\"\" data-medium-file=\"https:\/\/rheinhessen-imker.de\/wp-content\/uploads\/2014\/01\/wir1-300x200.jpg\" data-large-file=\"https:\/\/rheinhessen-imker.de\/wp-content\/uploads\/2014\/01\/wir1.jpg\" class=\"alignleft wp-image-86 size-thumbnail\" src=\"https:\/\/rheinhessen-imker.de\/wp-content\/uploads\/2014\/01\/wir1-150x100.jpg\" alt=\"Wackernheimer Bienen\" width=\"150\" height=\"100\" srcset=\"https:\/\/rheinhessen-imker.de\/wp-content\/uploads\/2014\/01\/wir1-150x100.jpg 150w, https:\/\/rheinhessen-imker.de\/wp-content\/uploads\/2014\/01\/wir1-300x200.jpg 300w, https:\/\/rheinhessen-imker.de\/wp-content\/uploads\/2014\/01\/wir1-624x416.jpg 624w, https:\/\/rheinhessen-imker.de\/wp-content\/uploads\/2014\/01\/wir1.jpg 640w\" sizes=\"auto, (max-width: 150px) 100vw, 150px\" \/><\/a>Nun ja&#8230; Den Kontakt zu diesem Imker konnten wir nicht aufrechterhalten, aber vollst\u00e4ndig los lie\u00df uns das Erlebnis auch nicht mehr. Aber es gab eben keine Ansprechpartner. Zu Weihnachten gab es dann ein Fachbuch (1&#215;1 des Imkerns, s. <a title=\"Links\" href=\"https:\/\/rheinhessen-imker.de\/?page_id=21\">Links<\/a>) f\u00fcr Anna zu Weihnachten &#8211; und eigentlich war die Entscheidung dann gefallen. Aber wie anfangen? EINFACH SO bei einem Imkerverein anrufen? Was wenn die Leute nicht nett sind? Wenn man gar nicht die richtigen Fragen stellen kann?<\/p>\n<p>Auch da half nochmal ein Zufall: bei einem Reitlehrgang in M\u00fcnster trafen wir Sylvia &#8211; die auch gerade frisch mit dem Imkern begonnen hatte. Wieder jemand, der erste Fragen beantworten konnte &#8211; und die erste M\u00f6glichkeit, einmal mit zu den Bienen zu gehen und selber Hand anzulegen. Der Funke, der schon im Mai dagewesen war, sprang erneut \u00fcber.<\/p>\n<p>Dann folgte endlich der Anruf beim lokalen Imkerverein, und bereits eine Woche sp\u00e4ter der erste Besuch des monatlichen Treffens. Eine kleine Gruppe netter Leute, und eben Olaf, der sich anbot, uns bei sich seine Betriebsweise zu zeigen. Tja&#8230; gleich beim ersten Besuch konnte Anna einen Ablegerkasten mit einem eingefangenen Schwarm bekommen. \u00a0Und schon wollte Michael auch&#8230;<\/p>\n<p>So \u00fcberwinterten wir von 2013 auf 2014 insgesamt 3 Ableger. \u00dcber die Bienen gibt es mehr unter <a title=\"Unsere Bienen\" href=\"https:\/\/rheinhessen-imker.de\/?page_id=17\">&#8222;Unsere Bienen&#8220;<\/a> zu erfahren.<\/p>\n","protected":false},"excerpt":{"rendered":"<p>Wir, das sind Anna und Michael, wohnhaft in Ingelheim in Rheinhessen. Die Liebe zu Bienen ging bei uns beiden indirekt los \u2013 mit der Liebe zum Honig. Und zwar schon im fr\u00fchen Kindesalter, lange bevor wir uns kannten. Aber \u00fcber mehr als 30 Jahre \u00e4u\u00dferte es sich nur im Kauf &#8230;<\/p>\n","protected":false},"author":1,"featured_media":0,"parent":0,"menu_order":2,"comment_status":"closed","ping_status":"closed","template":"","meta":{"footnotes":""},"class_list":["post-15","page","type-page","status-publish","hentry","column","twocol"],"jetpack_sharing_enabled":true,"jetpack_shortlink":"https:\/\/wp.me\/P5t9Ps-f","_links":{"self":[{"href":"https:\/\/rheinhessen-imker.de\/index.php?rest_route=\/wp\/v2\/pages\/15","targetHints":{"allow":["GET"]}}],"collection":[{"href":"https:\/\/rheinhessen-imker.de\/index.php?rest_route=\/wp\/v2\/pages"}],"about":[{"href":"https:\/\/rheinhessen-imker.de\/index.php?rest_route=\/wp\/v2\/types\/page"}],"author":[{"embeddable":true,"href":"https:\/\/rheinhessen-imker.de\/index.php?rest_route=\/wp\/v2\/users\/1"}],"replies":[{"embeddable":true,"href":"https:\/\/rheinhessen-imker.de\/index.php?rest_route=%2Fwp%2Fv2%2Fcomments&post=15"}],"version-history":[{"count":21,"href":"https:\/\/rheinhessen-imker.de\/index.php?rest_route=\/wp\/v2\/pages\/15\/revisions"}],"predecessor-version":[{"id":1586,"href":"https:\/\/rheinhessen-imker.de\/index.php?rest_route=\/wp\/v2\/pages\/15\/revisions\/1586"}],"wp:attachment":[{"href":"https:\/\/rheinhessen-imker.de\/index.php?rest_route=%2Fwp%2Fv2%2Fmedia&parent=15"}],"curies":[{"name":"wp","href":"https:\/\/api.w.org\/{rel}","templated":true}]}}