{"id":17,"date":"2014-01-21T19:23:45","date_gmt":"2014-01-21T19:23:45","guid":{"rendered":"http:\/\/rheinhessen-imker.de\/?page_id=17"},"modified":"2015-11-17T00:40:55","modified_gmt":"2015-11-16T23:40:55","slug":"unsere-bienen","status":"publish","type":"page","link":"https:\/\/rheinhessen-imker.de\/?page_id=17","title":{"rendered":"Unsere Bienen"},"content":{"rendered":"<figure id=\"attachment_26\" aria-describedby=\"caption-attachment-26\" style=\"width: 225px\" class=\"wp-caption alignright\"><a href=\"https:\/\/rheinhessen-imker.de\/?attachment_id=26\" rel=\"attachment wp-att-26\"><img loading=\"lazy\" decoding=\"async\" data-attachment-id=\"26\" data-permalink=\"https:\/\/rheinhessen-imker.de\/?attachment_id=26\" data-orig-file=\"https:\/\/rheinhessen-imker.de\/wp-content\/uploads\/2014\/01\/sonstiges_2013-07-21_18-48-36-225x300.jpg\" data-orig-size=\"225,300\" data-comments-opened=\"1\" data-image-meta=\"{&quot;aperture&quot;:&quot;0&quot;,&quot;credit&quot;:&quot;&quot;,&quot;camera&quot;:&quot;&quot;,&quot;caption&quot;:&quot;&quot;,&quot;created_timestamp&quot;:&quot;0&quot;,&quot;copyright&quot;:&quot;&quot;,&quot;focal_length&quot;:&quot;0&quot;,&quot;iso&quot;:&quot;0&quot;,&quot;shutter_speed&quot;:&quot;0&quot;,&quot;title&quot;:&quot;&quot;}\" data-image-title=\"Brutnest mit Futterkranz von Annas Volk\" data-image-description=\"&lt;p&gt;Brutnest mit Futterkranz von Annas Volk&lt;\/p&gt;\n\" data-image-caption=\"&lt;p&gt;Brutnest mit Futterkranz von Annas Volk&lt;\/p&gt;\n\" data-medium-file=\"https:\/\/rheinhessen-imker.de\/wp-content\/uploads\/2014\/01\/sonstiges_2013-07-21_18-48-36-225x300.jpg\" data-large-file=\"https:\/\/rheinhessen-imker.de\/wp-content\/uploads\/2014\/01\/sonstiges_2013-07-21_18-48-36-225x300.jpg\" class=\"size-full wp-image-26\" src=\"https:\/\/rheinhessen-imker.de\/wp-content\/uploads\/2014\/01\/sonstiges_2013-07-21_18-48-36-225x300.jpg\" alt=\"Brutnest mit Futterkranz von Annas Volk\" width=\"225\" height=\"300\" srcset=\"https:\/\/rheinhessen-imker.de\/wp-content\/uploads\/2014\/01\/sonstiges_2013-07-21_18-48-36-225x300.jpg 225w, https:\/\/rheinhessen-imker.de\/wp-content\/uploads\/2014\/01\/sonstiges_2013-07-21_18-48-36-225x300-112x150.jpg 112w\" sizes=\"auto, (max-width: 225px) 100vw, 225px\" \/><\/a><figcaption id=\"caption-attachment-26\" class=\"wp-caption-text\">Brutnest mit Futterkranz von Annas Volk<\/figcaption><\/figure>\n<p>&nbsp;<\/p>\n<p>Unsere Bienen sind die Besten \ud83d\ude42<\/p>\n<p>Anfang 2014 hatten wir 3 V\u00f6lker, die wir als Ableger im Vorjahr von unserem Imkerpaten Olaf \u00fcbernommen haben. Ich w\u00fcrde sagen \u2013 Buckfast\/ Landrasse mit einem immer wieder aufgefrischten Einschlag Buckfast, den Olaf durch den Zukauf von begatteten und zum Teil auch unbegatteten Buckfast-K\u00f6niginnen erreicht hat.<\/p>\n<p>Die Bienen haben wir bisher als sehr sanftm\u00fctig und wabenstet kennengelernt. Annas Volk hat auch (als eingefangener Schwarm) bereits im gleichen Jahr einen kleinen Ertrag von 3kg Honig erwirtschaftet. Diese K\u00f6nigin ist wohl noch aus dem Jahr 2011, hat sich aber den gesamten Sommer durch ein ganz starkes Brutnest ausgezeichnet. Nichtsdestotrotz wird sie im Jahr 2014 wohl ersetzt werden.<\/p>\n<p>Michaels V\u00f6lker sind aus Brutwabenablegern von Olaf gebildet worden, die sich jeweils eine K\u00f6nigin selber nachgezogen haben. Die V\u00f6lker sind sanftm\u00fctig, aber eher flugfaul, so dass wir aktuell planen, die K\u00f6niginnen in 2014 entweder durch zugekaufte oder selbst nachgezogene zu ersetzen. Das wird sich nach der Auswinterung zeigen.<\/p>\n<p>Stand M\u00e4rz 2014: Alle drei V\u00f6lker sind sehr gut durch den Winter gekommen. Und bei den ph\u00e4nomenal warmen Temperaturen, die es gab, war auch das Nektar- und Pollenangebot sehr fr\u00fch sehr stark. Anna hat in Ihrem Volk am 20. M\u00e4rz eine Schwarmzelle gefunden, und der Drohnenrahmen, der 10 Tage vorher gegeben worden war, war ausgebaut und mit Larven gef\u00fcllt! Also bleibt nur die akribische Beobachtung&#8230;<\/p>\n<p>Stand Juli 2014: Aus 3 V\u00f6lkern sind bis jetzt 10 geworden&#8230; Dabei sind auch 2 eingefangene Schw\u00e4rme, und die meisten sind nat\u00fcrlich noch Ableger, aber wir sind zufrieden mit der Entwicklung bisher.<\/p>\n<p>Stand Dezember 2014: Nun sind es 9 &#8211; zwischenzeitlich waren es sogar 11, dann haben wir noch 2 sch\u00f6ne Ableger verkauft. (Wer an Ablegern Interesse hat, kann sich gerne bei uns melden.) \u00a0Wir haben uns heute sehr gefreut, dass, obwohl es allenthalben hei\u00dft die Herbstverluste seien recht hoch, alle unsere V\u00f6lker bei guter Gesundheit schienen. Nun ist auch die Winter-Varroabehandlung abgeschlossen (siehe <a title=\"Varoa-Behandlung mit Oxals\u00e4ure\" href=\"https:\/\/rheinhessen-imker.de\/?p=519\">News<\/a>), und wir genie\u00dfen die Winterplanungen. F\u00fcr 9 Wirtschaftsv\u00f6lker haben wir n\u00e4mlich noch nicht genug Zargen und R\u00e4hmchen \ud83d\ude42 Also ist mal wieder einkaufen angesagt.<\/p>\n<p>&nbsp;<\/p>\n<p>In 2015 waren wir erstmal sehr erfreut, dass alle V\u00f6lker gut durch den Winter gekommen waren. Es entwickelte sich ein gutes Jahr, das sich allerdings als ziemlich starkes Schwarmjahr herausstellte. Bis auf einen konnten wir aber alle unsere Schw\u00e4rme auch wieder einfangen ! Dies konnten wir anhand der gezeichneten K\u00f6niginnen nachvollziehen.<\/p>\n<p>Gleich beim ersten Schleudertermin fanden wir aus den unterschiedlichen V\u00f6lkern so verschieden aussehende und schmeckende <a href=\"https:\/\/rheinhessen-imker.de\/?page_id=548\">Honige<\/a> in den Eimern vor, dass wir diese auch getrennt voneinander in die Gl\u00e4ser abf\u00fcllten. So kamen wir an einem Termin zu unserem Raps- Fr\u00fchlingsbl\u00fcten- und Wildbl\u00fctenhonig. Ein sch\u00f6nes Zeichen daf\u00fcr, dass die Bienen von unserem Standort eine gro\u00dfe Auswahl an Trachtpflanzen haben!<\/p>\n<p>Es folgten noch zwei weitere Schleuderungen, bei denen wir unsere Sommertracht und den Wald-mit Bl\u00fctenhonig ernten konnten.<\/p>\n<p>Dazwischen hatten wir das erstemal im &#8222;gr\u00f6\u00dferen Stil&#8220; K\u00f6niginnen nachgez\u00fcchtet &#8211; wir hatten 2 K\u00f6niginnen aus 2014 von denen wir Ableger haben wollten. Der erste Versuch klappte nicht, der zweite direkt im Anschluss war dann prima &#8211; 26 wundersch\u00f6ne K\u00f6niginnen waren das Ergebnis. Einige gingen sofort (mit ein paar Begleiterinnen) auf die Reise in Ihre neue Heimat, und mit den anderen konnten wir dann Ableger erstellen, von denen ein paar f\u00fcr uns waren und ein paar verkauft wurden.<\/p>\n<p>Im Sommer war dann nach der letzten Schleuderung schon die Zeit f\u00fcr die Varroa-Behandlungen gekommen, die V\u00f6lker wurden daraufhin aufgef\u00fcttert. Der Herbst zeigte sich bis in den November hinein warm und die Bienen flogen weiterhin an warmen Tagen aus &#8211; wir werden also in diesem Jahr und speziell am Ende des Winters sehr genau auf die Futtersituation der einzelnen V\u00f6lker achten m\u00fcssen.<\/p>\n<p class=\"jetpack-slideshow-noscript robots-nocontent\">Diese Diashow ben\u00f6tigt JavaScript.<\/p><div id=\"gallery-17-1-slideshow\" class=\"jetpack-slideshow-window jetpack-slideshow jetpack-slideshow-black\" data-trans=\"fade\" data-autostart=\"1\" data-gallery=\"[{&quot;src&quot;:&quot;https:\\\/\\\/rheinhessen-imker.de\\\/wp-content\\\/uploads\\\/2014\\\/08\\\/Bienen_2014-07-31_20-58-53.jpg&quot;,&quot;id&quot;:&quot;278&quot;,&quot;title&quot;:&quot;Biene beim Trinken&quot;,&quot;alt&quot;:&quot;Biene beim Trinken&quot;,&quot;caption&quot;:&quot;Biene beim Trinken&quot;,&quot;itemprop&quot;:&quot;image&quot;},{&quot;src&quot;:&quot;https:\\\/\\\/rheinhessen-imker.de\\\/wp-content\\\/uploads\\\/2014\\\/10\\\/Bienen_2014-08-18_17-56-25.jpg&quot;,&quot;id&quot;:&quot;303&quot;,&quot;title&quot;:&quot;Bienen_2014-08-18_17-56-25&quot;,&quot;alt&quot;:&quot;&quot;,&quot;caption&quot;:&quot;Biene an einer Wasserstelle&quot;,&quot;itemprop&quot;:&quot;image&quot;},{&quot;src&quot;:&quot;https:\\\/\\\/rheinhessen-imker.de\\\/wp-content\\\/uploads\\\/2014\\\/04\\\/Bienen_2014-04-06_14-03-56.jpg&quot;,&quot;id&quot;:&quot;184&quot;,&quot;title&quot;:&quot;Bei der Arbeit&quot;,&quot;alt&quot;:&quot;&quot;,&quot;caption&quot;:&quot;&quot;,&quot;itemprop&quot;:&quot;image&quot;},{&quot;src&quot;:&quot;https:\\\/\\\/rheinhessen-imker.de\\\/wp-content\\\/uploads\\\/2014\\\/01\\\/sonstiges_2013-07-21_18-48-36-225x300.jpg&quot;,&quot;id&quot;:&quot;26&quot;,&quot;title&quot;:&quot;Brutnest mit Futterkranz von Annas Volk&quot;,&quot;alt&quot;:&quot;Brutnest mit Futterkranz von Annas Volk&quot;,&quot;caption&quot;:&quot;Brutnest mit Futterkranz von Annas Volk&quot;,&quot;itemprop&quot;:&quot;image&quot;},{&quot;src&quot;:&quot;https:\\\/\\\/rheinhessen-imker.de\\\/wp-content\\\/uploads\\\/2014\\\/04\\\/Bienen_2014-04-20_16-03-19.jpg&quot;,&quot;id&quot;:&quot;200&quot;,&quot;title&quot;:&quot;Bienen_2014-04-20_16-03-19&quot;,&quot;alt&quot;:&quot;&quot;,&quot;caption&quot;:&quot;&quot;,&quot;itemprop&quot;:&quot;image&quot;},{&quot;src&quot;:&quot;https:\\\/\\\/rheinhessen-imker.de\\\/wp-content\\\/uploads\\\/2014\\\/08\\\/Bienen_2014-07-27_19-45-38-e1422202298566.jpg&quot;,&quot;id&quot;:&quot;268&quot;,&quot;title&quot;:&quot;Bienen_2014-07-27_19-45-38&quot;,&quot;alt&quot;:&quot;&quot;,&quot;caption&quot;:&quot;Unregelm\\u00e4\\u00dfiges Brutnest des drohnenbr\\u00fctigen Volkes.&quot;,&quot;itemprop&quot;:&quot;image&quot;},{&quot;src&quot;:&quot;https:\\\/\\\/rheinhessen-imker.de\\\/wp-content\\\/uploads\\\/2014\\\/10\\\/Bienen_2014-08-18_17-54-19.jpg&quot;,&quot;id&quot;:&quot;298&quot;,&quot;title&quot;:&quot;Bienen_2014-08-18_17-54-19&quot;,&quot;alt&quot;:&quot;&quot;,&quot;caption&quot;:&quot;Biene beim Trinken vom Moos&quot;,&quot;itemprop&quot;:&quot;image&quot;},{&quot;src&quot;:&quot;https:\\\/\\\/rheinhessen-imker.de\\\/wp-content\\\/uploads\\\/2014\\\/04\\\/Bienen_2014-04-13_11-11-43.jpg&quot;,&quot;id&quot;:&quot;194&quot;,&quot;title&quot;:&quot;Bienen_2014-04-13_11-11-43&quot;,&quot;alt&quot;:&quot;&quot;,&quot;caption&quot;:&quot;&quot;,&quot;itemprop&quot;:&quot;image&quot;},{&quot;src&quot;:&quot;https:\\\/\\\/rheinhessen-imker.de\\\/wp-content\\\/uploads\\\/2014\\\/04\\\/Bienen_2014-04-20_16-07-22.jpg&quot;,&quot;id&quot;:&quot;203&quot;,&quot;title&quot;:&quot;Bienen_2014-04-20_16-07-22&quot;,&quot;alt&quot;:&quot;&quot;,&quot;caption&quot;:&quot;&quot;,&quot;itemprop&quot;:&quot;image&quot;},{&quot;src&quot;:&quot;https:\\\/\\\/rheinhessen-imker.de\\\/wp-content\\\/uploads\\\/2014\\\/10\\\/Bienen_2014-08-18_17-55-42.jpg&quot;,&quot;id&quot;:&quot;299&quot;,&quot;title&quot;:&quot;Bienen_2014-08-18_17-55-42&quot;,&quot;alt&quot;:&quot;&quot;,&quot;caption&quot;:&quot;Biene an einer Wasserstelle&quot;,&quot;itemprop&quot;:&quot;image&quot;},{&quot;src&quot;:&quot;https:\\\/\\\/rheinhessen-imker.de\\\/wp-content\\\/uploads\\\/2014\\\/01\\\/wir-2.jpg&quot;,&quot;id&quot;:&quot;84&quot;,&quot;title&quot;:&quot;Wackernheimer Bienen&quot;,&quot;alt&quot;:&quot;Wackernheimer Bienen&quot;,&quot;caption&quot;:&quot;&quot;,&quot;itemprop&quot;:&quot;image&quot;},{&quot;src&quot;:&quot;https:\\\/\\\/rheinhessen-imker.de\\\/wp-content\\\/uploads\\\/2014\\\/04\\\/Bienen_2014-04-13_19-40-07.jpg&quot;,&quot;id&quot;:&quot;195&quot;,&quot;title&quot;:&quot;Bienen_2014-04-13_19-40-07&quot;,&quot;alt&quot;:&quot;&quot;,&quot;caption&quot;:&quot;&quot;,&quot;itemprop&quot;:&quot;image&quot;},{&quot;src&quot;:&quot;https:\\\/\\\/rheinhessen-imker.de\\\/wp-content\\\/uploads\\\/2014\\\/01\\\/wir-1.jpg&quot;,&quot;id&quot;:&quot;83&quot;,&quot;title&quot;:&quot;Wackernheimer Bienen&quot;,&quot;alt&quot;:&quot;Wackernheimer Bienen&quot;,&quot;caption&quot;:&quot;&quot;,&quot;itemprop&quot;:&quot;image&quot;},{&quot;src&quot;:&quot;https:\\\/\\\/rheinhessen-imker.de\\\/wp-content\\\/uploads\\\/2014\\\/05\\\/Bienen_2014-05-17_13-49-47.jpg&quot;,&quot;id&quot;:&quot;249&quot;,&quot;title&quot;:&quot;Zur\\u00fcck in den Stock&quot;,&quot;alt&quot;:&quot;&quot;,&quot;caption&quot;:&quot;Zur\\u00fcck in den Stock&quot;,&quot;itemprop&quot;:&quot;image&quot;},{&quot;src&quot;:&quot;https:\\\/\\\/rheinhessen-imker.de\\\/wp-content\\\/uploads\\\/2014\\\/04\\\/Bienen_2014-04-20_16-04-32.jpg&quot;,&quot;id&quot;:&quot;201&quot;,&quot;title&quot;:&quot;Bienen_2014-04-20_16-04-32&quot;,&quot;alt&quot;:&quot;&quot;,&quot;caption&quot;:&quot;&quot;,&quot;itemprop&quot;:&quot;image&quot;},{&quot;src&quot;:&quot;https:\\\/\\\/rheinhessen-imker.de\\\/wp-content\\\/uploads\\\/2014\\\/04\\\/Bienen_2014-04-20_16-00-49.jpg&quot;,&quot;id&quot;:&quot;197&quot;,&quot;title&quot;:&quot;Bienen_2014-04-20_16-00-49&quot;,&quot;alt&quot;:&quot;&quot;,&quot;caption&quot;:&quot;&quot;,&quot;itemprop&quot;:&quot;image&quot;},{&quot;src&quot;:&quot;https:\\\/\\\/rheinhessen-imker.de\\\/wp-content\\\/uploads\\\/2014\\\/04\\\/Bienen_2014-04-06_10-25-12.jpg&quot;,&quot;id&quot;:&quot;180&quot;,&quot;title&quot;:&quot;kleine Wildbiene&quot;,&quot;alt&quot;:&quot;&quot;,&quot;caption&quot;:&quot;&quot;,&quot;itemprop&quot;:&quot;image&quot;},{&quot;src&quot;:&quot;https:\\\/\\\/rheinhessen-imker.de\\\/wp-content\\\/uploads\\\/2014\\\/10\\\/Bienen_2014-08-18_17-59-13.jpg&quot;,&quot;id&quot;:&quot;306&quot;,&quot;title&quot;:&quot;Bienen_2014-08-18_17-59-13&quot;,&quot;alt&quot;:&quot;&quot;,&quot;caption&quot;:&quot;Biene an einer Wasserstelle&quot;,&quot;itemprop&quot;:&quot;image&quot;},{&quot;src&quot;:&quot;https:\\\/\\\/rheinhessen-imker.de\\\/wp-content\\\/uploads\\\/2014\\\/10\\\/Bienen_2014-08-18_17-56-17.jpg&quot;,&quot;id&quot;:&quot;301&quot;,&quot;title&quot;:&quot;Bienen_2014-08-18_17-56-17&quot;,&quot;alt&quot;:&quot;&quot;,&quot;caption&quot;:&quot;Biene an einer Wasserstelle&quot;,&quot;itemprop&quot;:&quot;image&quot;},{&quot;src&quot;:&quot;https:\\\/\\\/rheinhessen-imker.de\\\/wp-content\\\/uploads\\\/2014\\\/01\\\/sonstiges_2013-08-03_19-50-43.jpg&quot;,&quot;id&quot;:&quot;32&quot;,&quot;title&quot;:&quot;Pollenbrett&quot;,&quot;alt&quot;:&quot;Pollenbrett&quot;,&quot;caption&quot;:&quot;&quot;,&quot;itemprop&quot;:&quot;image&quot;},{&quot;src&quot;:&quot;https:\\\/\\\/rheinhessen-imker.de\\\/wp-content\\\/uploads\\\/2014\\\/10\\\/Bienen_2014-08-18_17-58-57.jpg&quot;,&quot;id&quot;:&quot;304&quot;,&quot;title&quot;:&quot;Bienen_2014-08-18_17-58-57&quot;,&quot;alt&quot;:&quot;&quot;,&quot;caption&quot;:&quot;Biene an einer Wasserstelle&quot;,&quot;itemprop&quot;:&quot;image&quot;},{&quot;src&quot;:&quot;https:\\\/\\\/rheinhessen-imker.de\\\/wp-content\\\/uploads\\\/2014\\\/01\\\/wir-3.jpg&quot;,&quot;id&quot;:&quot;85&quot;,&quot;title&quot;:&quot;Wackernheimer Bienen&quot;,&quot;alt&quot;:&quot;Wackernheimer Bienen&quot;,&quot;caption&quot;:&quot;&quot;,&quot;itemprop&quot;:&quot;image&quot;},{&quot;src&quot;:&quot;https:\\\/\\\/rheinhessen-imker.de\\\/wp-content\\\/uploads\\\/2014\\\/03\\\/Bienen.jpg&quot;,&quot;id&quot;:&quot;164&quot;,&quot;title&quot;:&quot;Umzug&quot;,&quot;alt&quot;:&quot;&quot;,&quot;caption&quot;:&quot;&quot;,&quot;itemprop&quot;:&quot;image&quot;},{&quot;src&quot;:&quot;https:\\\/\\\/rheinhessen-imker.de\\\/wp-content\\\/uploads\\\/2014\\\/10\\\/Bienen_2014-08-18_18-00-03.jpg&quot;,&quot;id&quot;:&quot;307&quot;,&quot;title&quot;:&quot;Bienen_2014-08-18_18-00-03&quot;,&quot;alt&quot;:&quot;&quot;,&quot;caption&quot;:&quot;Biene an einer Wasserstelle&quot;,&quot;itemprop&quot;:&quot;image&quot;},{&quot;src&quot;:&quot;https:\\\/\\\/rheinhessen-imker.de\\\/wp-content\\\/uploads\\\/2014\\\/10\\\/Bienen_2014-08-18_17-59-00.jpg&quot;,&quot;id&quot;:&quot;305&quot;,&quot;title&quot;:&quot;Bienen_2014-08-18_17-59-00&quot;,&quot;alt&quot;:&quot;&quot;,&quot;caption&quot;:&quot;Biene an einer Wasserstelle&quot;,&quot;itemprop&quot;:&quot;image&quot;},{&quot;src&quot;:&quot;https:\\\/\\\/rheinhessen-imker.de\\\/wp-content\\\/uploads\\\/2014\\\/04\\\/Bienen_2014-04-20_16-02-39.jpg&quot;,&quot;id&quot;:&quot;198&quot;,&quot;title&quot;:&quot;Bienen_2014-04-20_16-02-39&quot;,&quot;alt&quot;:&quot;&quot;,&quot;caption&quot;:&quot;&quot;,&quot;itemprop&quot;:&quot;image&quot;},{&quot;src&quot;:&quot;https:\\\/\\\/rheinhessen-imker.de\\\/wp-content\\\/uploads\\\/2014\\\/04\\\/Bienen_2014-04-06_14-03-26.jpg&quot;,&quot;id&quot;:&quot;181&quot;,&quot;title&quot;:&quot;Bei der Arbeit&quot;,&quot;alt&quot;:&quot;&quot;,&quot;caption&quot;:&quot;&quot;,&quot;itemprop&quot;:&quot;image&quot;},{&quot;src&quot;:&quot;https:\\\/\\\/rheinhessen-imker.de\\\/wp-content\\\/uploads\\\/2014\\\/04\\\/Bienen_2014-04-13_11-11-38.jpg&quot;,&quot;id&quot;:&quot;193&quot;,&quot;title&quot;:&quot;Bienen_2014-04-13_11-11-38&quot;,&quot;alt&quot;:&quot;&quot;,&quot;caption&quot;:&quot;&quot;,&quot;itemprop&quot;:&quot;image&quot;},{&quot;src&quot;:&quot;https:\\\/\\\/rheinhessen-imker.de\\\/wp-content\\\/uploads\\\/2014\\\/04\\\/Bienen_2014-04-20_16-06-57.jpg&quot;,&quot;id&quot;:&quot;202&quot;,&quot;title&quot;:&quot;Bienen_2014-04-20_16-06-57&quot;,&quot;alt&quot;:&quot;&quot;,&quot;caption&quot;:&quot;&quot;,&quot;itemprop&quot;:&quot;image&quot;},{&quot;src&quot;:&quot;https:\\\/\\\/rheinhessen-imker.de\\\/wp-content\\\/uploads\\\/2014\\\/04\\\/Bienen_2014-04-06_14-03-27.jpg&quot;,&quot;id&quot;:&quot;182&quot;,&quot;title&quot;:&quot;Bei der Arbeit&quot;,&quot;alt&quot;:&quot;&quot;,&quot;caption&quot;:&quot;&quot;,&quot;itemprop&quot;:&quot;image&quot;},{&quot;src&quot;:&quot;https:\\\/\\\/rheinhessen-imker.de\\\/wp-content\\\/uploads\\\/2014\\\/04\\\/Bienen_2014-04-06_14-04-02.jpg&quot;,&quot;id&quot;:&quot;185&quot;,&quot;title&quot;:&quot;Bei der Arbeit&quot;,&quot;alt&quot;:&quot;&quot;,&quot;caption&quot;:&quot;&quot;,&quot;itemprop&quot;:&quot;image&quot;},{&quot;src&quot;:&quot;https:\\\/\\\/rheinhessen-imker.de\\\/wp-content\\\/uploads\\\/2014\\\/04\\\/Bienen_2014-04-20_16-02-57.jpg&quot;,&quot;id&quot;:&quot;199&quot;,&quot;title&quot;:&quot;Annas K\\u00f6nigin \\u0026#8211; mit der neuen Aufgabe K\\u00f6niginnenableger&quot;,&quot;alt&quot;:&quot;&quot;,&quot;caption&quot;:&quot;Annas K\\u00f6nigin \\u0026#8211; mit der neuen Aufgabe K\\u00f6niginnenableger&quot;,&quot;itemprop&quot;:&quot;image&quot;},{&quot;src&quot;:&quot;https:\\\/\\\/rheinhessen-imker.de\\\/wp-content\\\/uploads\\\/2014\\\/04\\\/Bienen_2014-04-06_14-03-29.jpg&quot;,&quot;id&quot;:&quot;183&quot;,&quot;title&quot;:&quot;Bei der Arbeit&quot;,&quot;alt&quot;:&quot;&quot;,&quot;caption&quot;:&quot;&quot;,&quot;itemprop&quot;:&quot;image&quot;},{&quot;src&quot;:&quot;https:\\\/\\\/rheinhessen-imker.de\\\/wp-content\\\/uploads\\\/2014\\\/01\\\/wir1.jpg&quot;,&quot;id&quot;:&quot;86&quot;,&quot;title&quot;:&quot;Wackernheimer Bienen&quot;,&quot;alt&quot;:&quot;Wackernheimer Bienen&quot;,&quot;caption&quot;:&quot;&quot;,&quot;itemprop&quot;:&quot;image&quot;},{&quot;src&quot;:&quot;https:\\\/\\\/rheinhessen-imker.de\\\/wp-content\\\/uploads\\\/2014\\\/10\\\/Bienen_2014-08-18_17-56-13-2.jpg&quot;,&quot;id&quot;:&quot;300&quot;,&quot;title&quot;:&quot;Bienen_2014-08-18_17-56-13-2&quot;,&quot;alt&quot;:&quot;&quot;,&quot;caption&quot;:&quot;Biene an einer Wasserstelle&quot;,&quot;itemprop&quot;:&quot;image&quot;},{&quot;src&quot;:&quot;https:\\\/\\\/rheinhessen-imker.de\\\/wp-content\\\/uploads\\\/2014\\\/04\\\/Bienen_2014-04-20_15-07-18.jpg&quot;,&quot;id&quot;:&quot;196&quot;,&quot;title&quot;:&quot;Bienen_2014-04-20_15-07-18&quot;,&quot;alt&quot;:&quot;&quot;,&quot;caption&quot;:&quot;&quot;,&quot;itemprop&quot;:&quot;image&quot;},{&quot;src&quot;:&quot;https:\\\/\\\/rheinhessen-imker.de\\\/wp-content\\\/uploads\\\/2014\\\/10\\\/Bienen_2014-08-18_17-56-18.jpg&quot;,&quot;id&quot;:&quot;302&quot;,&quot;title&quot;:&quot;Bienen_2014-08-18_17-56-18&quot;,&quot;alt&quot;:&quot;&quot;,&quot;caption&quot;:&quot;Biene an einer Wasserstelle&quot;,&quot;itemprop&quot;:&quot;image&quot;}]\" itemscope itemtype=\"https:\/\/schema.org\/ImageGallery\"><\/div>\n<p>&nbsp;<\/p>\n","protected":false},"excerpt":{"rendered":"<p>&nbsp; Unsere Bienen sind die Besten \ud83d\ude42 Anfang 2014 hatten wir 3 V\u00f6lker, die wir als Ableger im Vorjahr von unserem Imkerpaten Olaf \u00fcbernommen haben. Ich w\u00fcrde sagen \u2013 Buckfast\/ Landrasse mit einem immer wieder aufgefrischten Einschlag Buckfast, den Olaf durch den Zukauf von begatteten und zum Teil auch unbegatteten &#8230;<\/p>\n","protected":false},"author":1,"featured_media":0,"parent":0,"menu_order":3,"comment_status":"closed","ping_status":"closed","template":"","meta":{"footnotes":""},"class_list":["post-17","page","type-page","status-publish","hentry","column","twocol"],"jetpack_sharing_enabled":true,"jetpack_shortlink":"https:\/\/wp.me\/P5t9Ps-h","_links":{"self":[{"href":"https:\/\/rheinhessen-imker.de\/index.php?rest_route=\/wp\/v2\/pages\/17","targetHints":{"allow":["GET"]}}],"collection":[{"href":"https:\/\/rheinhessen-imker.de\/index.php?rest_route=\/wp\/v2\/pages"}],"about":[{"href":"https:\/\/rheinhessen-imker.de\/index.php?rest_route=\/wp\/v2\/types\/page"}],"author":[{"embeddable":true,"href":"https:\/\/rheinhessen-imker.de\/index.php?rest_route=\/wp\/v2\/users\/1"}],"replies":[{"embeddable":true,"href":"https:\/\/rheinhessen-imker.de\/index.php?rest_route=%2Fwp%2Fv2%2Fcomments&post=17"}],"version-history":[{"count":23,"href":"https:\/\/rheinhessen-imker.de\/index.php?rest_route=\/wp\/v2\/pages\/17\/revisions"}],"predecessor-version":[{"id":1118,"href":"https:\/\/rheinhessen-imker.de\/index.php?rest_route=\/wp\/v2\/pages\/17\/revisions\/1118"}],"wp:attachment":[{"href":"https:\/\/rheinhessen-imker.de\/index.php?rest_route=%2Fwp%2Fv2%2Fmedia&parent=17"}],"curies":[{"name":"wp","href":"https:\/\/api.w.org\/{rel}","templated":true}]}}